{"id":1846,"date":"2022-06-02T15:22:24","date_gmt":"2022-06-02T13:22:24","guid":{"rendered":"https:\/\/www.muzeum.diecezja.org\/muzeum\/?page_id=1846"},"modified":"2024-04-09T10:23:42","modified_gmt":"2024-04-09T08:23:42","slug":"muzeum-diecezjalne-w-pelplinie","status":"publish","type":"page","link":"http:\/\/www.muzeum.diecezja.org\/muzeum\/","title":{"rendered":"Muzeum Diecezjalne w Pelplinie"},"content":{"rendered":"\t\t<div data-elementor-type=\"wp-page\" data-elementor-id=\"1846\" class=\"elementor elementor-1846\">\n\t\t\t\t\t\t<section class=\"elementor-section elementor-top-section elementor-element elementor-element-dfbd89b elementor-section-boxed elementor-section-height-default elementor-section-height-default\" data-id=\"dfbd89b\" data-element_type=\"section\">\n\t\t\t\t\t\t<div class=\"elementor-container elementor-column-gap-default\">\n\t\t\t\t\t<div class=\"elementor-column elementor-col-100 elementor-top-column elementor-element elementor-element-1360819\" data-id=\"1360819\" data-element_type=\"column\">\n\t\t\t<div class=\"elementor-widget-wrap elementor-element-populated\">\n\t\t\t\t\t\t<div class=\"elementor-element elementor-element-75b4f51 elementor--h-position-center elementor--v-position-middle elementor-arrows-position-inside elementor-pagination-position-inside elementor-widget elementor-widget-slides\" data-id=\"75b4f51\" data-element_type=\"widget\" data-settings=\"{&quot;transition&quot;:&quot;fade&quot;,&quot;autoplay_speed&quot;:2500,&quot;navigation&quot;:&quot;both&quot;,&quot;autoplay&quot;:&quot;yes&quot;,&quot;pause_on_hover&quot;:&quot;yes&quot;,&quot;pause_on_interaction&quot;:&quot;yes&quot;,&quot;infinite&quot;:&quot;yes&quot;,&quot;transition_speed&quot;:500}\" data-widget_type=\"slides.default\">\n\t\t\t\t<div class=\"elementor-widget-container\">\n\t\t\t<style>\/*! pro-elements - v3.7.3 - 31-07-2022 *\/\n.elementor-slides .swiper-slide-bg{background-size:cover;background-position:50%;background-repeat:no-repeat;min-width:100%;min-height:100%}.elementor-slides .swiper-slide-inner{background-repeat:no-repeat;background-position:50%;position:absolute;top:0;left:0;bottom:0;right:0;padding:50px;margin:auto}.elementor-slides .swiper-slide-inner,.elementor-slides .swiper-slide-inner:hover{color:#fff;display:-webkit-box;display:-ms-flexbox;display:flex}.elementor-slides .swiper-slide-inner .elementor-background-overlay{position:absolute;z-index:0;top:0;bottom:0;left:0;right:0}.elementor-slides .swiper-slide-inner .elementor-slide-content{position:relative;z-index:1;width:100%}.elementor-slides .swiper-slide-inner .elementor-slide-heading{font-size:35px;font-weight:700;line-height:1}.elementor-slides .swiper-slide-inner .elementor-slide-description{font-size:17px;line-height:1.4}.elementor-slides .swiper-slide-inner .elementor-slide-description:not(:last-child),.elementor-slides .swiper-slide-inner .elementor-slide-heading:not(:last-child){margin-bottom:30px}.elementor-slides .swiper-slide-inner .elementor-slide-button{border:2px solid #fff;color:#fff;background:transparent;display:inline-block}.elementor-slides .swiper-slide-inner .elementor-slide-button,.elementor-slides .swiper-slide-inner .elementor-slide-button:hover{background:transparent;color:inherit;text-decoration:none}.elementor--v-position-top .swiper-slide-inner{-webkit-box-align:start;-ms-flex-align:start;align-items:flex-start}.elementor--v-position-bottom .swiper-slide-inner{-webkit-box-align:end;-ms-flex-align:end;align-items:flex-end}.elementor--v-position-middle .swiper-slide-inner{-webkit-box-align:center;-ms-flex-align:center;align-items:center}.elementor--h-position-left .swiper-slide-inner{-webkit-box-pack:start;-ms-flex-pack:start;justify-content:flex-start}.elementor--h-position-right .swiper-slide-inner{-webkit-box-pack:end;-ms-flex-pack:end;justify-content:flex-end}.elementor--h-position-center .swiper-slide-inner{-webkit-box-pack:center;-ms-flex-pack:center;justify-content:center}body.rtl .elementor-widget-slides .elementor-swiper-button-next{left:10px;right:auto}body.rtl .elementor-widget-slides .elementor-swiper-button-prev{right:10px;left:auto}.elementor-slides-wrapper div:not(.swiper-slide)>.swiper-slide-inner{display:none}@media (max-width:767px){.elementor-slides .swiper-slide-inner{padding:30px}.elementor-slides .swiper-slide-inner .elementor-slide-heading{font-size:23px;line-height:1;margin-bottom:15px}.elementor-slides .swiper-slide-inner .elementor-slide-description{font-size:13px;line-height:1.4;margin-bottom:15px}}<\/style>\t\t<div class=\"elementor-swiper\">\n\t\t\t<div class=\"elementor-slides-wrapper elementor-main-swiper swiper-container\" dir=\"ltr\" data-animation=\"\">\n\t\t\t\t<div class=\"swiper-wrapper elementor-slides\">\n\t\t\t\t\t\t\t\t\t\t<div class=\"elementor-repeater-item-7d8cffc swiper-slide\"><div class=\"swiper-slide-bg\"><\/div><div class=\"elementor-background-overlay\"><\/div><div class=\"swiper-slide-inner\" ><div class=\"swiper-slide-contents\"><div class=\"elementor-slide-heading\">Muzeum Diecezjalne w Pelplinie<\/div><div class=\"elementor-slide-description\">Informacje dotycz\u0105ce zwiedzania:<\/div><a href=\"http:\/\/www.muzeum.diecezja.org\/muzeum\/informacje\/zwiedzanie\/\" class=\"elementor-button elementor-slide-button elementor-size-sm\">Kliknij tutaj<\/a><\/div><\/div><\/div><div class=\"elementor-repeater-item-c07d2b9 swiper-slide\"><div class=\"swiper-slide-bg\"><\/div><div class=\"elementor-background-overlay\"><\/div><div class=\"swiper-slide-inner\" ><div class=\"swiper-slide-contents\"><div class=\"elementor-slide-heading\">Portal Pelpli\u0144skiej Biblii Gutenberga<\/div><div class=\"elementor-slide-description\">Wyj\u0105tkowe znalezisko z XV w.\nOdkryty w 1897 roku w Bibliotece Diecezjalnej w Pelplinie egzemplarz inkunabu\u0142u z warsztatu Gutenberga z po\u0142owy XV wieku w 2023 roku poddany zosta\u0142 wieloaspektowym badaniom, digitalizacji i pracom konserwatorskim.<\/div><a href=\"https:\/\/bibliagutenberga.diecezja-pelplin.pl\" target=\"_blank\" rel=\"nofollow\" class=\"elementor-button elementor-slide-button elementor-size-sm\">Przejd\u017a do Portalu<\/a><\/div><\/div><\/div><div class=\"elementor-repeater-item-cec9f77 swiper-slide\"><div class=\"swiper-slide-bg\"><\/div><div class=\"elementor-background-overlay\"><\/div><div class=\"swiper-slide-inner\" ><div class=\"swiper-slide-contents\"><div class=\"elementor-slide-heading\">Pomorska Karta Turysty<\/div><div class=\"elementor-slide-description\">Z kart\u0105 w kieszeni  i pakietem Metropolia i Metropolia + zyskasz bezp\u0142atny wst\u0119p do 21 atrakcji w ca\u0142ym Tr\u00f3jmie\u015bcie i okolicach, w tym do muze\u00f3w, na sopockie molo czy do Akwarium Gdy\u0144skiego.<\/div><a href=\"https:\/\/kartaturysty.pomorskie.travel\" class=\"elementor-button elementor-slide-button elementor-size-sm\">Przejd\u017a do strony<\/a><\/div><\/div><\/div>\t\t\t\t<\/div>\n\t\t\t\t\t\t\t\t\t\t\t\t\t\t\t<div class=\"swiper-pagination\"><\/div>\n\t\t\t\t\t\t\t\t\t\t\t\t\t\t\t\t<div class=\"elementor-swiper-button elementor-swiper-button-prev\">\n\t\t\t\t\t\t\t<i aria-hidden=\"true\" class=\"eicon-chevron-left\"><\/i>\t\t\t\t\t\t\t<span class=\"elementor-screen-only\">Previous<\/span>\n\t\t\t\t\t\t<\/div>\n\t\t\t\t\t\t<div class=\"elementor-swiper-button elementor-swiper-button-next\">\n\t\t\t\t\t\t\t<i aria-hidden=\"true\" class=\"eicon-chevron-right\"><\/i>\t\t\t\t\t\t\t<span class=\"elementor-screen-only\">Next<\/span>\n\t\t\t\t\t\t<\/div>\n\t\t\t\t\t\t\t\t\t\t\t\t<\/div>\n\t\t<\/div>\n\t\t\t\t<\/div>\n\t\t\t\t<\/div>\n\t\t\t\t\t<\/div>\n\t\t<\/div>\n\t\t\t\t\t<\/div>\n\t\t<\/section>\n\t\t\t\t<section class=\"elementor-section elementor-top-section elementor-element elementor-element-ea27c27 elementor-section-boxed elementor-section-height-default elementor-section-height-default\" data-id=\"ea27c27\" data-element_type=\"section\">\n\t\t\t\t\t\t<div class=\"elementor-container elementor-column-gap-default\">\n\t\t\t\t\t<div class=\"elementor-column elementor-col-100 elementor-top-column elementor-element elementor-element-55069bb\" data-id=\"55069bb\" data-element_type=\"column\">\n\t\t\t<div class=\"elementor-widget-wrap elementor-element-populated\">\n\t\t\t\t\t\t<div class=\"elementor-element elementor-element-1826233 elementor-widget elementor-widget-gallery\" data-id=\"1826233\" data-element_type=\"widget\" data-settings=\"{&quot;gallery_layout&quot;:&quot;justified&quot;,&quot;lazyload&quot;:&quot;yes&quot;,&quot;ideal_row_height&quot;:{&quot;unit&quot;:&quot;px&quot;,&quot;size&quot;:200,&quot;sizes&quot;:[]},&quot;ideal_row_height_tablet&quot;:{&quot;unit&quot;:&quot;px&quot;,&quot;size&quot;:150,&quot;sizes&quot;:[]},&quot;ideal_row_height_mobile&quot;:{&quot;unit&quot;:&quot;px&quot;,&quot;size&quot;:150,&quot;sizes&quot;:[]},&quot;gap&quot;:{&quot;unit&quot;:&quot;px&quot;,&quot;size&quot;:10,&quot;sizes&quot;:[]},&quot;gap_tablet&quot;:{&quot;unit&quot;:&quot;px&quot;,&quot;size&quot;:10,&quot;sizes&quot;:[]},&quot;gap_mobile&quot;:{&quot;unit&quot;:&quot;px&quot;,&quot;size&quot;:10,&quot;sizes&quot;:[]},&quot;overlay_background&quot;:&quot;yes&quot;,&quot;content_hover_animation&quot;:&quot;fade-in&quot;}\" data-widget_type=\"gallery.default\">\n\t\t\t\t<div class=\"elementor-widget-container\">\n\t\t\t<style>\/*! pro-elements - v3.7.3 - 31-07-2022 *\/\n.elementor-gallery__container{min-height:1px}.elementor-gallery-item{position:relative;overflow:hidden;display:block;text-decoration:none;border:solid var(--image-border-width) var(--image-border-color);border-radius:var(--image-border-radius)}.elementor-gallery-item__content,.elementor-gallery-item__overlay{height:100%;width:100%;position:absolute;top:0;left:0}.elementor-gallery-item__overlay{mix-blend-mode:var(--overlay-mix-blend-mode);-webkit-transition-duration:var(--overlay-transition-duration);-o-transition-duration:var(--overlay-transition-duration);transition-duration:var(--overlay-transition-duration);-webkit-transition-property:mix-blend-mode,opacity,background-color,-webkit-transform;transition-property:mix-blend-mode,opacity,background-color,-webkit-transform;-o-transition-property:mix-blend-mode,transform,opacity,background-color;transition-property:mix-blend-mode,transform,opacity,background-color;transition-property:mix-blend-mode,transform,opacity,background-color,-webkit-transform}.elementor-gallery-item__image.e-gallery-image{-webkit-transition-duration:var(--image-transition-duration);-o-transition-duration:var(--image-transition-duration);transition-duration:var(--image-transition-duration);-webkit-transition-property:-webkit-filter,-webkit-transform;transition-property:-webkit-filter,-webkit-transform;-o-transition-property:filter,transform;transition-property:filter,transform;transition-property:filter,transform,-webkit-filter,-webkit-transform}.elementor-gallery-item__content{display:-webkit-box;display:-ms-flexbox;display:flex;-webkit-box-orient:vertical;-webkit-box-direction:normal;-ms-flex-direction:column;flex-direction:column;-webkit-box-pack:var(--content-justify-content,center);-ms-flex-pack:var(--content-justify-content,center);justify-content:var(--content-justify-content,center);-webkit-box-align:center;-ms-flex-align:center;align-items:center;text-align:var(--content-text-align);padding:var(--content-padding)}.elementor-gallery-item__content>div{-webkit-transition-duration:var(--content-transition-duration);-o-transition-duration:var(--content-transition-duration);transition-duration:var(--content-transition-duration)}.elementor-gallery-item__content.elementor-gallery--sequenced-animation>div:nth-child(2){-webkit-transition-delay:calc(var(--content-transition-delay) \/ 3);-o-transition-delay:calc(var(--content-transition-delay) \/ 3);transition-delay:calc(var(--content-transition-delay) \/ 3)}.elementor-gallery-item__content.elementor-gallery--sequenced-animation>div:nth-child(3){-webkit-transition-delay:calc(var(--content-transition-delay) \/ 3 * 2);-o-transition-delay:calc(var(--content-transition-delay) \/ 3 * 2);transition-delay:calc(var(--content-transition-delay) \/ 3 * 2)}.elementor-gallery-item__content.elementor-gallery--sequenced-animation>div:nth-child(4){-webkit-transition-delay:calc(var(--content-transition-delay) \/ 3 * 3);-o-transition-delay:calc(var(--content-transition-delay) \/ 3 * 3);transition-delay:calc(var(--content-transition-delay) \/ 3 * 3)}.elementor-gallery-item__description{color:var(--description-text-color,#fff);width:100%}.elementor-gallery-item__title{color:var(--title-text-color,#fff);font-weight:700;width:100%}.elementor-gallery__titles-container{display:-webkit-box;display:-ms-flexbox;display:flex;-ms-flex-wrap:wrap;flex-wrap:wrap;-webkit-box-pack:var(--titles-container-justify-content,center);-ms-flex-pack:var(--titles-container-justify-content,center);justify-content:var(--titles-container-justify-content,center);margin-bottom:20px}.elementor-gallery__titles-container:not(.e--pointer-framed) .elementor-item:after,.elementor-gallery__titles-container:not(.e--pointer-framed) .elementor-item:before{background-color:var(--galleries-pointer-bg-color-hover)}.elementor-gallery__titles-container:not(.e--pointer-framed) .elementor-item.elementor-item-active:after,.elementor-gallery__titles-container:not(.e--pointer-framed) .elementor-item.elementor-item-active:before{background-color:var(--galleries-pointer-bg-color-active)}.elementor-gallery__titles-container.e--pointer-framed .elementor-item:before{border-color:var(--galleries-pointer-bg-color-hover);border-width:var(--galleries-pointer-border-width)}.elementor-gallery__titles-container.e--pointer-framed .elementor-item:after{border-color:var(--galleries-pointer-bg-color-hover)}.elementor-gallery__titles-container.e--pointer-framed .elementor-item.elementor-item-active:after,.elementor-gallery__titles-container.e--pointer-framed .elementor-item.elementor-item-active:before{border-color:var(--galleries-pointer-bg-color-active)}.elementor-gallery__titles-container.e--pointer-framed.e--animation-draw .elementor-item:before{border-left-width:var(--galleries-pointer-border-width);border-bottom-width:var(--galleries-pointer-border-width);border-right-width:0;border-top-width:0}.elementor-gallery__titles-container.e--pointer-framed.e--animation-draw .elementor-item:after{border-left-width:0;border-bottom-width:0;border-right-width:var(--galleries-pointer-border-width);border-top-width:var(--galleries-pointer-border-width)}.elementor-gallery__titles-container.e--pointer-framed.e--animation-corners .elementor-item:before{border-left-width:var(--galleries-pointer-border-width);border-bottom-width:0;border-right-width:0;border-top-width:var(--galleries-pointer-border-width)}.elementor-gallery__titles-container.e--pointer-framed.e--animation-corners .elementor-item:after{border-left-width:0;border-bottom-width:var(--galleries-pointer-border-width);border-right-width:var(--galleries-pointer-border-width);border-top-width:0}.elementor-gallery__titles-container .e--pointer-double-line .elementor-item:after,.elementor-gallery__titles-container .e--pointer-double-line .elementor-item:before,.elementor-gallery__titles-container .e--pointer-overline .elementor-item:before,.elementor-gallery__titles-container .e--pointer-underline .elementor-item:after{height:var(--galleries-pointer-border-width)}.elementor-gallery-title{--space-between:10px;cursor:pointer;color:#6d7882;font-weight:500;position:relative;padding:7px 14px;-webkit-transition:all .3s;-o-transition:all .3s;transition:all .3s}.elementor-gallery-title--active{color:#495157}.elementor-gallery-title:not(:last-child){margin-right:var(--space-between)}.elementor-gallery-item__title+.elementor-gallery-item__description{margin-top:var(--description-margin-top)}.e-gallery-item.elementor-gallery-item{-webkit-transition-property:all;-o-transition-property:all;transition-property:all}.e-gallery-item.elementor-animated-content .elementor-animated-item--enter-from-bottom,.e-gallery-item.elementor-animated-content .elementor-animated-item--enter-from-left,.e-gallery-item.elementor-animated-content .elementor-animated-item--enter-from-right,.e-gallery-item.elementor-animated-content .elementor-animated-item--enter-from-top,.e-gallery-item:hover .elementor-gallery__item-overlay-bg,.e-gallery-item:hover .elementor-gallery__item-overlay-content,.e-gallery-item:hover .elementor-gallery__item-overlay-content__description,.e-gallery-item:hover .elementor-gallery__item-overlay-content__title{opacity:1}a.elementor-item.elementor-gallery-title{color:var(--galleries-title-color-normal)}a.elementor-item.elementor-gallery-title.elementor-item-active,a.elementor-item.elementor-gallery-title.highlighted,a.elementor-item.elementor-gallery-title:focus,a.elementor-item.elementor-gallery-title:hover{color:var(--galleries-title-color-hover)}a.elementor-item.elementor-gallery-title.elementor-item-active{color:var(--gallery-title-color-active)}.e-container .elementor-widget-gallery{-webkit-box-flex:1;-ms-flex-positive:1;flex-grow:1}.e-container>.elementor-widget-gallery{width:var(--container-widget-width,100%)}<\/style>\t\t<div class=\"elementor-gallery__container\">\n\t\t\t\t\t\t\t<div class=\"e-gallery-item elementor-gallery-item elementor-animated-content\">\n\t\t\t\t\t<div class=\"e-gallery-image elementor-gallery-item__image\" data-thumbnail=\"http:\/\/www.muzeum.diecezja.org\/muzeum\/wp-content\/uploads\/2022\/06\/DSC_1079-768x512.jpg\" data-width=\"660\" data-height=\"440\" alt=\"\" ><\/div>\n\t\t\t\t\t\t\t\t\t\t\t<div class=\"elementor-gallery-item__overlay\"><\/div>\n\t\t\t\t\t\t\t\t\t\t\t\t\t\t<\/div>\n\t\t\t\t\t\t\t<div class=\"e-gallery-item elementor-gallery-item elementor-animated-content\">\n\t\t\t\t\t<div class=\"e-gallery-image elementor-gallery-item__image\" data-thumbnail=\"http:\/\/www.muzeum.diecezja.org\/muzeum\/wp-content\/uploads\/2022\/06\/DSC_1108-768x512.jpg\" data-width=\"660\" data-height=\"440\" alt=\"\" ><\/div>\n\t\t\t\t\t\t\t\t\t\t\t<div class=\"elementor-gallery-item__overlay\"><\/div>\n\t\t\t\t\t\t\t\t\t\t\t\t\t\t<\/div>\n\t\t\t\t\t\t\t<div class=\"e-gallery-item elementor-gallery-item elementor-animated-content\">\n\t\t\t\t\t<div class=\"e-gallery-image elementor-gallery-item__image\" data-thumbnail=\"http:\/\/www.muzeum.diecezja.org\/muzeum\/wp-content\/uploads\/2022\/06\/image4-768x576.jpeg\" data-width=\"660\" data-height=\"495\" alt=\"\" ><\/div>\n\t\t\t\t\t\t\t\t\t\t\t<div class=\"elementor-gallery-item__overlay\"><\/div>\n\t\t\t\t\t\t\t\t\t\t\t\t\t\t<\/div>\n\t\t\t\t\t<\/div>\n\t\t\t<\/div>\n\t\t\t\t<\/div>\n\t\t\t\t\t<\/div>\n\t\t<\/div>\n\t\t\t\t\t<\/div>\n\t\t<\/section>\n\t\t\t\t<section class=\"elementor-section elementor-top-section elementor-element elementor-element-b0baaad elementor-section-boxed elementor-section-height-default elementor-section-height-default\" data-id=\"b0baaad\" data-element_type=\"section\" data-settings=\"{&quot;background_background&quot;:&quot;classic&quot;}\">\n\t\t\t\t\t\t<div class=\"elementor-container elementor-column-gap-wider\">\n\t\t\t\t\t<div class=\"elementor-column elementor-col-33 elementor-top-column elementor-element elementor-element-cc148e4\" data-id=\"cc148e4\" data-element_type=\"column\">\n\t\t\t<div class=\"elementor-widget-wrap elementor-element-populated\">\n\t\t\t\t\t\t<div class=\"elementor-element elementor-element-61a8767 elementor-view-stacked elementor-shape-circle elementor-position-top elementor-mobile-position-top elementor-widget elementor-widget-icon-box\" data-id=\"61a8767\" data-element_type=\"widget\" data-widget_type=\"icon-box.default\">\n\t\t\t\t<div class=\"elementor-widget-container\">\n\t\t\t<link rel=\"stylesheet\" href=\"http:\/\/www.muzeum.diecezja.org\/muzeum\/wp-content\/plugins\/elementor\/assets\/css\/widget-icon-box.min.css\">\t\t<div class=\"elementor-icon-box-wrapper\">\n\n\t\t\t\t\t\t<div class=\"elementor-icon-box-icon\">\n\t\t\t\t<a href=\"http:\/\/www.muzeum.diecezja.org\/muzeum\/informacje\/zwiedzanie\/\" class=\"elementor-icon elementor-animation-\" tabindex=\"-1\">\n\t\t\t\t<i aria-hidden=\"true\" class=\"far fa-building\"><\/i>\t\t\t\t<\/a>\n\t\t\t<\/div>\n\t\t\t\n\t\t\t\t\t\t<div class=\"elementor-icon-box-content\">\n\n\t\t\t\t\t\t\t\t\t<h3 class=\"elementor-icon-box-title\">\n\t\t\t\t\t\t<a href=\"http:\/\/www.muzeum.diecezja.org\/muzeum\/informacje\/zwiedzanie\/\" >\n\t\t\t\t\t\t\tZwiedzanie Muzeum\t\t\t\t\t\t<\/a>\n\t\t\t\t\t<\/h3>\n\t\t\t\t\n\t\t\t\t\t\t\t\t\t<p class=\"elementor-icon-box-description\">\n\t\t\t\t\t\tMuzeum Diecezjalne w Pelplinie mo\u017cna zwiedza\u0107 codziennie opr\u00f3cz Poniedzia\u0142ku. Przygotowali\u015bmy specjalne zni\u017cki dla dzieci, student\u00f3w i emeryt\u00f3w. \t\t\t\t\t<\/p>\n\t\t\t\t\n\t\t\t<\/div>\n\t\t\t\n\t\t<\/div>\n\t\t\t\t<\/div>\n\t\t\t\t<\/div>\n\t\t\t\t\t<\/div>\n\t\t<\/div>\n\t\t\t\t<div class=\"elementor-column elementor-col-33 elementor-top-column elementor-element elementor-element-13e78cd\" data-id=\"13e78cd\" data-element_type=\"column\">\n\t\t\t<div class=\"elementor-widget-wrap elementor-element-populated\">\n\t\t\t\t\t\t<div class=\"elementor-element elementor-element-e2f84c0 elementor-view-stacked elementor-shape-circle elementor-position-top elementor-mobile-position-top elementor-widget elementor-widget-icon-box\" data-id=\"e2f84c0\" data-element_type=\"widget\" data-widget_type=\"icon-box.default\">\n\t\t\t\t<div class=\"elementor-widget-container\">\n\t\t\t\t\t<div class=\"elementor-icon-box-wrapper\">\n\n\t\t\t\t\t\t<div class=\"elementor-icon-box-icon\">\n\t\t\t\t<a href=\"http:\/\/www.muzeum.diecezja.org\/muzeum\/muzealny-detektyw\/\" class=\"elementor-icon elementor-animation-\" tabindex=\"-1\">\n\t\t\t\t<i aria-hidden=\"true\" class=\"far fa-bookmark\"><\/i>\t\t\t\t<\/a>\n\t\t\t<\/div>\n\t\t\t\n\t\t\t\t\t\t<div class=\"elementor-icon-box-content\">\n\n\t\t\t\t\t\t\t\t\t<h3 class=\"elementor-icon-box-title\">\n\t\t\t\t\t\t<a href=\"http:\/\/www.muzeum.diecezja.org\/muzeum\/muzealny-detektyw\/\" >\n\t\t\t\t\t\t\tOferta Edukacyjna\t\t\t\t\t\t<\/a>\n\t\t\t\t\t<\/h3>\n\t\t\t\t\n\t\t\t\t\t\t\t\t\t<p class=\"elementor-icon-box-description\">\n\t\t\t\t\t\tOferta jest zr\u00f3\u017cnicowana oraz dostosowana do wieku, zainteresowa\u0144 i poziomu edukacyjnego odbiorc\u00f3w. Zaj\u0119cia prowadzone s\u0105 zar\u00f3wno w muzeum, jak i na terenie opactwa pocyster-skiego.\t\t\t\t\t<\/p>\n\t\t\t\t\n\t\t\t<\/div>\n\t\t\t\n\t\t<\/div>\n\t\t\t\t<\/div>\n\t\t\t\t<\/div>\n\t\t\t\t\t<\/div>\n\t\t<\/div>\n\t\t\t\t<div class=\"elementor-column elementor-col-33 elementor-top-column elementor-element elementor-element-08a217a\" data-id=\"08a217a\" data-element_type=\"column\">\n\t\t\t<div class=\"elementor-widget-wrap elementor-element-populated\">\n\t\t\t\t\t\t<div class=\"elementor-element elementor-element-d8c4057 elementor-view-stacked elementor-shape-circle elementor-position-top elementor-mobile-position-top elementor-widget elementor-widget-icon-box\" data-id=\"d8c4057\" data-element_type=\"widget\" data-widget_type=\"icon-box.default\">\n\t\t\t\t<div class=\"elementor-widget-container\">\n\t\t\t\t\t<div class=\"elementor-icon-box-wrapper\">\n\n\t\t\t\t\t\t<div class=\"elementor-icon-box-icon\">\n\t\t\t\t<a href=\"http:\/\/www.muzeum.diecezja.org\/muzeum\/kontakt\/\" class=\"elementor-icon elementor-animation-\" tabindex=\"-1\">\n\t\t\t\t<i aria-hidden=\"true\" class=\"far fa-address-book\"><\/i>\t\t\t\t<\/a>\n\t\t\t<\/div>\n\t\t\t\n\t\t\t\t\t\t<div class=\"elementor-icon-box-content\">\n\n\t\t\t\t\t\t\t\t\t<h3 class=\"elementor-icon-box-title\">\n\t\t\t\t\t\t<a href=\"http:\/\/www.muzeum.diecezja.org\/muzeum\/kontakt\/\" >\n\t\t\t\t\t\t\tKontakt z Muzeum\t\t\t\t\t\t<\/a>\n\t\t\t\t\t<\/h3>\n\t\t\t\t\n\t\t\t\t\t\t\t\t\t<p class=\"elementor-icon-box-description\">\n\t\t\t\t\t\tMo\u017cesz skontaktowa\u0107 si\u0119 z Muzeum Diecezjalnym w Pelplinie na kilka sposob\u00f3w. Uzyskaj informacje jakie Ci\u0119 interesuj\u0105 nie wychodz\u0105c z domu, wykorzystuj\u0105c do tego drog\u0119 e-mailow\u0105 b\u0105d\u017a telefoniczn\u0105...\t\t\t\t\t<\/p>\n\t\t\t\t\n\t\t\t<\/div>\n\t\t\t\n\t\t<\/div>\n\t\t\t\t<\/div>\n\t\t\t\t<\/div>\n\t\t\t\t\t<\/div>\n\t\t<\/div>\n\t\t\t\t\t<\/div>\n\t\t<\/section>\n\t\t\t\t<section class=\"elementor-section elementor-top-section elementor-element elementor-element-ac45552 elementor-section-boxed elementor-section-height-default elementor-section-height-default\" data-id=\"ac45552\" data-element_type=\"section\">\n\t\t\t\t\t\t<div class=\"elementor-container elementor-column-gap-default\">\n\t\t\t\t\t<div class=\"elementor-column elementor-col-100 elementor-top-column elementor-element elementor-element-09aad18\" data-id=\"09aad18\" data-element_type=\"column\">\n\t\t\t<div class=\"elementor-widget-wrap\">\n\t\t\t\t\t\t\t<\/div>\n\t\t<\/div>\n\t\t\t\t\t<\/div>\n\t\t<\/section>\n\t\t\t\t<section class=\"elementor-section elementor-top-section elementor-element elementor-element-cfb2a90 elementor-section-full_width elementor-section-height-default elementor-section-height-default\" data-id=\"cfb2a90\" data-element_type=\"section\">\n\t\t\t\t\t\t<div class=\"elementor-container elementor-column-gap-default\">\n\t\t\t\t\t<div class=\"elementor-column elementor-col-100 elementor-top-column elementor-element elementor-element-7b1f140\" data-id=\"7b1f140\" data-element_type=\"column\">\n\t\t\t<div class=\"elementor-widget-wrap elementor-element-populated\">\n\t\t\t\t\t\t<div class=\"elementor-element elementor-element-09e32fd elementor-widget elementor-widget-heading\" data-id=\"09e32fd\" data-element_type=\"widget\" data-widget_type=\"heading.default\">\n\t\t\t\t<div class=\"elementor-widget-container\">\n\t\t\t<style>\/*! elementor - v3.23.0 - 05-08-2024 *\/\n.elementor-heading-title{padding:0;margin:0;line-height:1}.elementor-widget-heading .elementor-heading-title[class*=elementor-size-]>a{color:inherit;font-size:inherit;line-height:inherit}.elementor-widget-heading .elementor-heading-title.elementor-size-small{font-size:15px}.elementor-widget-heading .elementor-heading-title.elementor-size-medium{font-size:19px}.elementor-widget-heading .elementor-heading-title.elementor-size-large{font-size:29px}.elementor-widget-heading .elementor-heading-title.elementor-size-xl{font-size:39px}.elementor-widget-heading .elementor-heading-title.elementor-size-xxl{font-size:59px}<\/style><h1 class=\"elementor-heading-title elementor-size-default\">Aktualno\u015bci<\/h1>\t\t<\/div>\n\t\t\t\t<\/div>\n\t\t\t\t<div class=\"elementor-element elementor-element-6912c15 elementor-widget-divider--view-line elementor-widget elementor-widget-divider\" data-id=\"6912c15\" data-element_type=\"widget\" data-widget_type=\"divider.default\">\n\t\t\t\t<div class=\"elementor-widget-container\">\n\t\t\t<style>\/*! elementor - v3.23.0 - 05-08-2024 *\/\n.elementor-widget-divider{--divider-border-style:none;--divider-border-width:1px;--divider-color:#0c0d0e;--divider-icon-size:20px;--divider-element-spacing:10px;--divider-pattern-height:24px;--divider-pattern-size:20px;--divider-pattern-url:none;--divider-pattern-repeat:repeat-x}.elementor-widget-divider .elementor-divider{display:flex}.elementor-widget-divider .elementor-divider__text{font-size:15px;line-height:1;max-width:95%}.elementor-widget-divider .elementor-divider__element{margin:0 var(--divider-element-spacing);flex-shrink:0}.elementor-widget-divider .elementor-icon{font-size:var(--divider-icon-size)}.elementor-widget-divider .elementor-divider-separator{display:flex;margin:0;direction:ltr}.elementor-widget-divider--view-line_icon .elementor-divider-separator,.elementor-widget-divider--view-line_text .elementor-divider-separator{align-items:center}.elementor-widget-divider--view-line_icon .elementor-divider-separator:after,.elementor-widget-divider--view-line_icon .elementor-divider-separator:before,.elementor-widget-divider--view-line_text .elementor-divider-separator:after,.elementor-widget-divider--view-line_text .elementor-divider-separator:before{display:block;content:\"\";border-block-end:0;flex-grow:1;border-block-start:var(--divider-border-width) var(--divider-border-style) var(--divider-color)}.elementor-widget-divider--element-align-left .elementor-divider .elementor-divider-separator>.elementor-divider__svg:first-of-type{flex-grow:0;flex-shrink:100}.elementor-widget-divider--element-align-left .elementor-divider-separator:before{content:none}.elementor-widget-divider--element-align-left .elementor-divider__element{margin-left:0}.elementor-widget-divider--element-align-right .elementor-divider .elementor-divider-separator>.elementor-divider__svg:last-of-type{flex-grow:0;flex-shrink:100}.elementor-widget-divider--element-align-right .elementor-divider-separator:after{content:none}.elementor-widget-divider--element-align-right .elementor-divider__element{margin-right:0}.elementor-widget-divider--element-align-start .elementor-divider .elementor-divider-separator>.elementor-divider__svg:first-of-type{flex-grow:0;flex-shrink:100}.elementor-widget-divider--element-align-start .elementor-divider-separator:before{content:none}.elementor-widget-divider--element-align-start .elementor-divider__element{margin-inline-start:0}.elementor-widget-divider--element-align-end .elementor-divider .elementor-divider-separator>.elementor-divider__svg:last-of-type{flex-grow:0;flex-shrink:100}.elementor-widget-divider--element-align-end .elementor-divider-separator:after{content:none}.elementor-widget-divider--element-align-end .elementor-divider__element{margin-inline-end:0}.elementor-widget-divider:not(.elementor-widget-divider--view-line_text):not(.elementor-widget-divider--view-line_icon) .elementor-divider-separator{border-block-start:var(--divider-border-width) var(--divider-border-style) var(--divider-color)}.elementor-widget-divider--separator-type-pattern{--divider-border-style:none}.elementor-widget-divider--separator-type-pattern.elementor-widget-divider--view-line .elementor-divider-separator,.elementor-widget-divider--separator-type-pattern:not(.elementor-widget-divider--view-line) .elementor-divider-separator:after,.elementor-widget-divider--separator-type-pattern:not(.elementor-widget-divider--view-line) .elementor-divider-separator:before,.elementor-widget-divider--separator-type-pattern:not([class*=elementor-widget-divider--view]) .elementor-divider-separator{width:100%;min-height:var(--divider-pattern-height);-webkit-mask-size:var(--divider-pattern-size) 100%;mask-size:var(--divider-pattern-size) 100%;-webkit-mask-repeat:var(--divider-pattern-repeat);mask-repeat:var(--divider-pattern-repeat);background-color:var(--divider-color);-webkit-mask-image:var(--divider-pattern-url);mask-image:var(--divider-pattern-url)}.elementor-widget-divider--no-spacing{--divider-pattern-size:auto}.elementor-widget-divider--bg-round{--divider-pattern-repeat:round}.rtl .elementor-widget-divider .elementor-divider__text{direction:rtl}.e-con-inner>.elementor-widget-divider,.e-con>.elementor-widget-divider{width:var(--container-widget-width,100%);--flex-grow:var(--container-widget-flex-grow)}<\/style>\t\t<div class=\"elementor-divider\">\n\t\t\t<span class=\"elementor-divider-separator\">\n\t\t\t\t\t\t<\/span>\n\t\t<\/div>\n\t\t\t\t<\/div>\n\t\t\t\t<\/div>\n\t\t\t\t<div class=\"elementor-element elementor-element-14dfbc1 elementor-widget elementor-widget-spacer\" data-id=\"14dfbc1\" data-element_type=\"widget\" data-widget_type=\"spacer.default\">\n\t\t\t\t<div class=\"elementor-widget-container\">\n\t\t\t<style>\/*! elementor - v3.23.0 - 05-08-2024 *\/\n.elementor-column .elementor-spacer-inner{height:var(--spacer-size)}.e-con{--container-widget-width:100%}.e-con-inner>.elementor-widget-spacer,.e-con>.elementor-widget-spacer{width:var(--container-widget-width,var(--spacer-size));--align-self:var(--container-widget-align-self,initial);--flex-shrink:0}.e-con-inner>.elementor-widget-spacer>.elementor-widget-container,.e-con>.elementor-widget-spacer>.elementor-widget-container{height:100%;width:100%}.e-con-inner>.elementor-widget-spacer>.elementor-widget-container>.elementor-spacer,.e-con>.elementor-widget-spacer>.elementor-widget-container>.elementor-spacer{height:100%}.e-con-inner>.elementor-widget-spacer>.elementor-widget-container>.elementor-spacer>.elementor-spacer-inner,.e-con>.elementor-widget-spacer>.elementor-widget-container>.elementor-spacer>.elementor-spacer-inner{height:var(--container-widget-height,var(--spacer-size))}.e-con-inner>.elementor-widget-spacer.elementor-widget-empty,.e-con>.elementor-widget-spacer.elementor-widget-empty{position:relative;min-height:22px;min-width:22px}.e-con-inner>.elementor-widget-spacer.elementor-widget-empty .elementor-widget-empty-icon,.e-con>.elementor-widget-spacer.elementor-widget-empty .elementor-widget-empty-icon{position:absolute;top:0;bottom:0;left:0;right:0;margin:auto;padding:0;width:22px;height:22px}<\/style>\t\t<div class=\"elementor-spacer\">\n\t\t\t<div class=\"elementor-spacer-inner\"><\/div>\n\t\t<\/div>\n\t\t\t\t<\/div>\n\t\t\t\t<\/div>\n\t\t\t\t<div class=\"elementor-element elementor-element-72b0dd8 elementor-grid-2 elementor-grid-tablet-2 elementor-grid-mobile-1 elementor-posts--thumbnail-top elementor-card-shadow-yes elementor-posts__hover-gradient load-more-align-center elementor-widget elementor-widget-posts\" data-id=\"72b0dd8\" data-element_type=\"widget\" data-settings=\"{&quot;cards_masonry&quot;:&quot;yes&quot;,&quot;pagination_type&quot;:&quot;load_more_on_click&quot;,&quot;cards_columns&quot;:&quot;2&quot;,&quot;cards_columns_tablet&quot;:&quot;2&quot;,&quot;cards_columns_mobile&quot;:&quot;1&quot;,&quot;cards_row_gap&quot;:{&quot;unit&quot;:&quot;px&quot;,&quot;size&quot;:35,&quot;sizes&quot;:[]},&quot;cards_row_gap_tablet&quot;:{&quot;unit&quot;:&quot;px&quot;,&quot;size&quot;:&quot;&quot;,&quot;sizes&quot;:[]},&quot;cards_row_gap_mobile&quot;:{&quot;unit&quot;:&quot;px&quot;,&quot;size&quot;:&quot;&quot;,&quot;sizes&quot;:[]},&quot;load_more_spinner&quot;:{&quot;value&quot;:&quot;fas fa-spinner&quot;,&quot;library&quot;:&quot;fa-solid&quot;}}\" data-widget_type=\"posts.cards\">\n\t\t\t\t<div class=\"elementor-widget-container\">\n\t\t\t<link rel=\"stylesheet\" href=\"http:\/\/www.muzeum.diecezja.org\/muzeum\/wp-content\/plugins\/pro-elements\/assets\/css\/widget-posts.min.css\">\t\t<div class=\"elementor-posts-container elementor-posts elementor-posts--skin-cards elementor-grid\">\n\t\t\t\t<article class=\"elementor-post elementor-grid-item post-2729 post type-post status-publish format-standard has-post-thumbnail hentry category-aktualnosci category-informacje\">\n\t\t\t<div class=\"elementor-post__card\">\n\t\t\t\t<a class=\"elementor-post__thumbnail__link\" href=\"http:\/\/www.muzeum.diecezja.org\/muzeum\/standardy-ochrony-maloletnich\/\" ><div class=\"elementor-post__thumbnail\"><img loading=\"lazy\" width=\"640\" height=\"452\" src=\"http:\/\/www.muzeum.diecezja.org\/muzeum\/wp-content\/uploads\/2024\/08\/standardy_ochrony_maoletnich_002.jpg\" class=\"attachment-full size-full wp-image-2749\" alt=\"\" decoding=\"async\" srcset=\"http:\/\/www.muzeum.diecezja.org\/muzeum\/wp-content\/uploads\/2024\/08\/standardy_ochrony_maoletnich_002.jpg 640w, http:\/\/www.muzeum.diecezja.org\/muzeum\/wp-content\/uploads\/2024\/08\/standardy_ochrony_maoletnich_002-300x212.jpg 300w, http:\/\/www.muzeum.diecezja.org\/muzeum\/wp-content\/uploads\/2024\/08\/standardy_ochrony_maoletnich_002-255x180.jpg 255w\" sizes=\"(max-width: 640px) 100vw, 640px\" \/><\/div><\/a>\n\t\t\t\t<div class=\"elementor-post__text\">\n\t\t\t\t<h1 class=\"elementor-post__title\">\n\t\t\t<a href=\"http:\/\/www.muzeum.diecezja.org\/muzeum\/standardy-ochrony-maloletnich\/\" >\n\t\t\t\tStandardy ochrony ma\u0142oletnich\t\t\t<\/a>\n\t\t<\/h1>\n\t\t\t\t<div class=\"elementor-post__excerpt\">\n\t\t\t<p>&nbsp; STANDARDY OCHRONY MA\u0141OLETNICH W KCK skr\u00f3t PROPOZYCJA STANDARD\u00d3W OCHRONY w KCK w Pelplinie<\/p>\n\t\t<\/div>\n\t\t\n\t\t<a class=\"elementor-post__read-more\" href=\"http:\/\/www.muzeum.diecezja.org\/muzeum\/standardy-ochrony-maloletnich\/\" >\n\t\t\tCzytaj ca\u0142o\u015b\u0107 \u00bb\t\t<\/a>\n\n\t\t\t\t<\/div>\n\t\t\t\t<div class=\"elementor-post__meta-data\">\n\t\t\t\t\t<span class=\"elementor-post-date\">\n\t\t\t14 sierpnia 2024\t\t<\/span>\n\t\t\t\t<\/div>\n\t\t\t\t\t<\/div>\n\t\t<\/article>\n\t\t\t\t<article class=\"elementor-post elementor-grid-item post-3143 post type-post status-publish format-standard has-post-thumbnail hentry category-aktualnosci category-informacje\">\n\t\t\t<div class=\"elementor-post__card\">\n\t\t\t\t<a class=\"elementor-post__thumbnail__link\" href=\"http:\/\/www.muzeum.diecezja.org\/muzeum\/serdecznie-zapraszamy-na-noc-muzeow-9-maja\/\" ><div class=\"elementor-post__thumbnail\"><img loading=\"lazy\" width=\"851\" height=\"315\" src=\"http:\/\/www.muzeum.diecezja.org\/muzeum\/wp-content\/uploads\/2026\/04\/656648871_1482777293637976_8935982480284806447_n.jpg\" class=\"attachment-full size-full wp-image-3144\" alt=\"\" decoding=\"async\" srcset=\"http:\/\/www.muzeum.diecezja.org\/muzeum\/wp-content\/uploads\/2026\/04\/656648871_1482777293637976_8935982480284806447_n.jpg 851w, http:\/\/www.muzeum.diecezja.org\/muzeum\/wp-content\/uploads\/2026\/04\/656648871_1482777293637976_8935982480284806447_n-300x111.jpg 300w, http:\/\/www.muzeum.diecezja.org\/muzeum\/wp-content\/uploads\/2026\/04\/656648871_1482777293637976_8935982480284806447_n-486x180.jpg 486w, http:\/\/www.muzeum.diecezja.org\/muzeum\/wp-content\/uploads\/2026\/04\/656648871_1482777293637976_8935982480284806447_n-768x284.jpg 768w\" sizes=\"(max-width: 851px) 100vw, 851px\" \/><\/div><\/a>\n\t\t\t\t<div class=\"elementor-post__text\">\n\t\t\t\t<h1 class=\"elementor-post__title\">\n\t\t\t<a href=\"http:\/\/www.muzeum.diecezja.org\/muzeum\/serdecznie-zapraszamy-na-noc-muzeow-9-maja\/\" >\n\t\t\t\tSerdecznie zapraszamy na Noc Muze\u00f3w 9 Maja !\t\t\t<\/a>\n\t\t<\/h1>\n\t\t\t\t<div class=\"elementor-post__excerpt\">\n\t\t\t<p>Zapraszamy na magiczn\u0105 Noc Muze\u00f3w w Pelplinie, gdzie dawne opactwo cysterskie o\u017cyje histori\u0105. To 5 godzin fascynuj\u0105cej podr\u00f3\u017cy w czasie dla ka\u017cdego ! Noc Muze\u00f3w w Dawnych Opactwie Cysterskim w<\/p>\n\t\t<\/div>\n\t\t\n\t\t<a class=\"elementor-post__read-more\" href=\"http:\/\/www.muzeum.diecezja.org\/muzeum\/serdecznie-zapraszamy-na-noc-muzeow-9-maja\/\" >\n\t\t\tCzytaj ca\u0142o\u015b\u0107 \u00bb\t\t<\/a>\n\n\t\t\t\t<\/div>\n\t\t\t\t<div class=\"elementor-post__meta-data\">\n\t\t\t\t\t<span class=\"elementor-post-date\">\n\t\t\t1 kwietnia 2026\t\t<\/span>\n\t\t\t\t<\/div>\n\t\t\t\t\t<\/div>\n\t\t<\/article>\n\t\t\t\t<article class=\"elementor-post elementor-grid-item post-3140 post type-post status-publish format-standard has-post-thumbnail hentry category-aktualnosci category-informacje\">\n\t\t\t<div class=\"elementor-post__card\">\n\t\t\t\t<a class=\"elementor-post__thumbnail__link\" href=\"http:\/\/www.muzeum.diecezja.org\/muzeum\/moc-zyczen-3\/\" ><div class=\"elementor-post__thumbnail\"><img loading=\"lazy\" width=\"1170\" height=\"1240\" src=\"http:\/\/www.muzeum.diecezja.org\/muzeum\/wp-content\/uploads\/2026\/04\/zyczenia-wielkanoc.jpg\" class=\"attachment-full size-full wp-image-3141\" alt=\"\" decoding=\"async\" srcset=\"http:\/\/www.muzeum.diecezja.org\/muzeum\/wp-content\/uploads\/2026\/04\/zyczenia-wielkanoc.jpg 1170w, http:\/\/www.muzeum.diecezja.org\/muzeum\/wp-content\/uploads\/2026\/04\/zyczenia-wielkanoc-283x300.jpg 283w, http:\/\/www.muzeum.diecezja.org\/muzeum\/wp-content\/uploads\/2026\/04\/zyczenia-wielkanoc-170x180.jpg 170w, http:\/\/www.muzeum.diecezja.org\/muzeum\/wp-content\/uploads\/2026\/04\/zyczenia-wielkanoc-768x814.jpg 768w\" sizes=\"(max-width: 1170px) 100vw, 1170px\" \/><\/div><\/a>\n\t\t\t\t<div class=\"elementor-post__text\">\n\t\t\t\t<h1 class=\"elementor-post__title\">\n\t\t\t<a href=\"http:\/\/www.muzeum.diecezja.org\/muzeum\/moc-zyczen-3\/\" >\n\t\t\t\tMoc \u017cycze\u0144\t\t\t<\/a>\n\t\t<\/h1>\n\t\t\t\t<div class=\"elementor-post__excerpt\">\n\t\t\t\t\t<\/div>\n\t\t\n\t\t<a class=\"elementor-post__read-more\" href=\"http:\/\/www.muzeum.diecezja.org\/muzeum\/moc-zyczen-3\/\" >\n\t\t\tCzytaj ca\u0142o\u015b\u0107 \u00bb\t\t<\/a>\n\n\t\t\t\t<\/div>\n\t\t\t\t<div class=\"elementor-post__meta-data\">\n\t\t\t\t\t<span class=\"elementor-post-date\">\n\t\t\t1 kwietnia 2026\t\t<\/span>\n\t\t\t\t<\/div>\n\t\t\t\t\t<\/div>\n\t\t<\/article>\n\t\t\t\t<article class=\"elementor-post elementor-grid-item post-3137 post type-post status-publish format-image has-post-thumbnail hentry category-aktualnosci category-informacje post_format-post-format-image\">\n\t\t\t<div class=\"elementor-post__card\">\n\t\t\t\t<a class=\"elementor-post__thumbnail__link\" href=\"http:\/\/www.muzeum.diecezja.org\/muzeum\/uwaga\/\" ><div class=\"elementor-post__thumbnail\"><img loading=\"lazy\" width=\"1748\" height=\"1240\" src=\"http:\/\/www.muzeum.diecezja.org\/muzeum\/wp-content\/uploads\/2026\/04\/wielkanoc-godziny-zamkniecia-na-okres-swiat.jpg\" class=\"attachment-full size-full wp-image-3138\" alt=\"\" decoding=\"async\" srcset=\"http:\/\/www.muzeum.diecezja.org\/muzeum\/wp-content\/uploads\/2026\/04\/wielkanoc-godziny-zamkniecia-na-okres-swiat.jpg 1748w, http:\/\/www.muzeum.diecezja.org\/muzeum\/wp-content\/uploads\/2026\/04\/wielkanoc-godziny-zamkniecia-na-okres-swiat-300x213.jpg 300w, http:\/\/www.muzeum.diecezja.org\/muzeum\/wp-content\/uploads\/2026\/04\/wielkanoc-godziny-zamkniecia-na-okres-swiat-254x180.jpg 254w, http:\/\/www.muzeum.diecezja.org\/muzeum\/wp-content\/uploads\/2026\/04\/wielkanoc-godziny-zamkniecia-na-okres-swiat-768x545.jpg 768w, http:\/\/www.muzeum.diecezja.org\/muzeum\/wp-content\/uploads\/2026\/04\/wielkanoc-godziny-zamkniecia-na-okres-swiat-1536x1090.jpg 1536w\" sizes=\"(max-width: 1748px) 100vw, 1748px\" \/><\/div><\/a>\n\t\t\t\t<div class=\"elementor-post__text\">\n\t\t\t\t<h1 class=\"elementor-post__title\">\n\t\t\t<a href=\"http:\/\/www.muzeum.diecezja.org\/muzeum\/uwaga\/\" >\n\t\t\t\tUwaga!\t\t\t<\/a>\n\t\t<\/h1>\n\t\t\t\t<div class=\"elementor-post__excerpt\">\n\t\t\t\t\t<\/div>\n\t\t\n\t\t<a class=\"elementor-post__read-more\" href=\"http:\/\/www.muzeum.diecezja.org\/muzeum\/uwaga\/\" >\n\t\t\tCzytaj ca\u0142o\u015b\u0107 \u00bb\t\t<\/a>\n\n\t\t\t\t<\/div>\n\t\t\t\t<div class=\"elementor-post__meta-data\">\n\t\t\t\t\t<span class=\"elementor-post-date\">\n\t\t\t1 kwietnia 2026\t\t<\/span>\n\t\t\t\t<\/div>\n\t\t\t\t\t<\/div>\n\t\t<\/article>\n\t\t\t\t<article class=\"elementor-post elementor-grid-item post-3134 post type-post status-publish format-video hentry category-aktualnosci category-bez-kategorii category-informacje post_format-post-format-video\">\n\t\t\t<div class=\"elementor-post__card\">\n\t\t\t\t<div class=\"elementor-post__text\">\n\t\t\t\t<h1 class=\"elementor-post__title\">\n\t\t\t<a href=\"http:\/\/www.muzeum.diecezja.org\/muzeum\/zachecamy-do-ogladania\/\" >\n\t\t\t\tZach\u0119camy do ogl\u0105dania\t\t\t<\/a>\n\t\t<\/h1>\n\t\t\t\t<div class=\"elementor-post__excerpt\">\n\t\t\t<p>&nbsp; Zach\u0119camy do ogl\u0105dania \ud83d\ude09<\/p>\n\t\t<\/div>\n\t\t\n\t\t<a class=\"elementor-post__read-more\" href=\"http:\/\/www.muzeum.diecezja.org\/muzeum\/zachecamy-do-ogladania\/\" >\n\t\t\tCzytaj ca\u0142o\u015b\u0107 \u00bb\t\t<\/a>\n\n\t\t\t\t<\/div>\n\t\t\t\t<div class=\"elementor-post__meta-data\">\n\t\t\t\t\t<span class=\"elementor-post-date\">\n\t\t\t24 marca 2026\t\t<\/span>\n\t\t\t\t<\/div>\n\t\t\t\t\t<\/div>\n\t\t<\/article>\n\t\t\t\t<article class=\"elementor-post elementor-grid-item post-3129 post type-post status-publish format-standard has-post-thumbnail hentry category-aktualnosci category-informacje\">\n\t\t\t<div class=\"elementor-post__card\">\n\t\t\t\t<a class=\"elementor-post__thumbnail__link\" href=\"http:\/\/www.muzeum.diecezja.org\/muzeum\/3129-2\/\" ><div class=\"elementor-post__thumbnail\"><img loading=\"lazy\" width=\"784\" height=\"540\" src=\"http:\/\/www.muzeum.diecezja.org\/muzeum\/wp-content\/uploads\/2026\/03\/procent.jpg\" class=\"attachment-full size-full wp-image-3130\" alt=\"\" decoding=\"async\" srcset=\"http:\/\/www.muzeum.diecezja.org\/muzeum\/wp-content\/uploads\/2026\/03\/procent.jpg 784w, http:\/\/www.muzeum.diecezja.org\/muzeum\/wp-content\/uploads\/2026\/03\/procent-300x207.jpg 300w, http:\/\/www.muzeum.diecezja.org\/muzeum\/wp-content\/uploads\/2026\/03\/procent-261x180.jpg 261w, http:\/\/www.muzeum.diecezja.org\/muzeum\/wp-content\/uploads\/2026\/03\/procent-768x529.jpg 768w\" sizes=\"(max-width: 784px) 100vw, 784px\" \/><\/div><\/a>\n\t\t\t\t<div class=\"elementor-post__text\">\n\t\t\t\t<h1 class=\"elementor-post__title\">\n\t\t\t<a href=\"http:\/\/www.muzeum.diecezja.org\/muzeum\/3129-2\/\" >\n\t\t\t\tZwracamy si\u0119 z uprzejm\u0105 pro\u015bb\u0105\t\t\t<\/a>\n\t\t<\/h1>\n\t\t\t\t<div class=\"elementor-post__excerpt\">\n\t\t\t<p>Szanowni Pa\u0144stwo, zwracamy si\u0119 z uprzejm\u0105 pro\u015bb\u0105 o przekazanie 1,5% podatku na rzecz Fundacja \u201ePelpli\u0144ska Biblia Gutenberga\u201d. Pa\u0144stwa wsparcie umo\u017cliwia ochron\u0119 bezcennego zabytku, jakim jest Biblia Gutenberga w Pelplinie, a<\/p>\n\t\t<\/div>\n\t\t\n\t\t<a class=\"elementor-post__read-more\" href=\"http:\/\/www.muzeum.diecezja.org\/muzeum\/3129-2\/\" >\n\t\t\tCzytaj ca\u0142o\u015b\u0107 \u00bb\t\t<\/a>\n\n\t\t\t\t<\/div>\n\t\t\t\t<div class=\"elementor-post__meta-data\">\n\t\t\t\t\t<span class=\"elementor-post-date\">\n\t\t\t24 marca 2026\t\t<\/span>\n\t\t\t\t<\/div>\n\t\t\t\t\t<\/div>\n\t\t<\/article>\n\t\t\t\t<article class=\"elementor-post elementor-grid-item post-3125 post type-post status-publish format-standard has-post-thumbnail hentry category-aktualnosci\">\n\t\t\t<div class=\"elementor-post__card\">\n\t\t\t\t<a class=\"elementor-post__thumbnail__link\" href=\"http:\/\/www.muzeum.diecezja.org\/muzeum\/moc-zyczen-2\/\" ><div class=\"elementor-post__thumbnail\"><img loading=\"lazy\" width=\"2362\" height=\"2480\" src=\"http:\/\/www.muzeum.diecezja.org\/muzeum\/wp-content\/uploads\/2025\/12\/zyczenia-2025-internet-002.jpg\" class=\"attachment-full size-full wp-image-3123\" alt=\"\" decoding=\"async\" srcset=\"http:\/\/www.muzeum.diecezja.org\/muzeum\/wp-content\/uploads\/2025\/12\/zyczenia-2025-internet-002.jpg 2362w, http:\/\/www.muzeum.diecezja.org\/muzeum\/wp-content\/uploads\/2025\/12\/zyczenia-2025-internet-002-286x300.jpg 286w, http:\/\/www.muzeum.diecezja.org\/muzeum\/wp-content\/uploads\/2025\/12\/zyczenia-2025-internet-002-171x180.jpg 171w, http:\/\/www.muzeum.diecezja.org\/muzeum\/wp-content\/uploads\/2025\/12\/zyczenia-2025-internet-002-768x806.jpg 768w, http:\/\/www.muzeum.diecezja.org\/muzeum\/wp-content\/uploads\/2025\/12\/zyczenia-2025-internet-002-1463x1536.jpg 1463w, http:\/\/www.muzeum.diecezja.org\/muzeum\/wp-content\/uploads\/2025\/12\/zyczenia-2025-internet-002-1951x2048.jpg 1951w\" sizes=\"(max-width: 2362px) 100vw, 2362px\" \/><\/div><\/a>\n\t\t\t\t<div class=\"elementor-post__text\">\n\t\t\t\t<h1 class=\"elementor-post__title\">\n\t\t\t<a href=\"http:\/\/www.muzeum.diecezja.org\/muzeum\/moc-zyczen-2\/\" >\n\t\t\t\tMOC \u017bYCZE\u0143 \ud83d\ude42\t\t\t<\/a>\n\t\t<\/h1>\n\t\t\t\t<div class=\"elementor-post__excerpt\">\n\t\t\t\t\t<\/div>\n\t\t\n\t\t<a class=\"elementor-post__read-more\" href=\"http:\/\/www.muzeum.diecezja.org\/muzeum\/moc-zyczen-2\/\" >\n\t\t\tCzytaj ca\u0142o\u015b\u0107 \u00bb\t\t<\/a>\n\n\t\t\t\t<\/div>\n\t\t\t\t<div class=\"elementor-post__meta-data\">\n\t\t\t\t\t<span class=\"elementor-post-date\">\n\t\t\t19 grudnia 2025\t\t<\/span>\n\t\t\t\t<\/div>\n\t\t\t\t\t<\/div>\n\t\t<\/article>\n\t\t\t\t<article class=\"elementor-post elementor-grid-item post-3121 post type-post status-publish format-standard has-post-thumbnail hentry category-aktualnosci category-informacje\">\n\t\t\t<div class=\"elementor-post__card\">\n\t\t\t\t<a class=\"elementor-post__thumbnail__link\" href=\"http:\/\/www.muzeum.diecezja.org\/muzeum\/uprzejmnie-informujemy\/\" ><div class=\"elementor-post__thumbnail\"><img loading=\"lazy\" width=\"2000\" height=\"1414\" src=\"http:\/\/www.muzeum.diecezja.org\/muzeum\/wp-content\/uploads\/2025\/12\/PLAKAT-SWIETA-2025-MUZEUM-.png\" class=\"attachment-full size-full wp-image-3122\" alt=\"\" decoding=\"async\" srcset=\"http:\/\/www.muzeum.diecezja.org\/muzeum\/wp-content\/uploads\/2025\/12\/PLAKAT-SWIETA-2025-MUZEUM-.png 2000w, http:\/\/www.muzeum.diecezja.org\/muzeum\/wp-content\/uploads\/2025\/12\/PLAKAT-SWIETA-2025-MUZEUM--300x212.png 300w, http:\/\/www.muzeum.diecezja.org\/muzeum\/wp-content\/uploads\/2025\/12\/PLAKAT-SWIETA-2025-MUZEUM--255x180.png 255w, http:\/\/www.muzeum.diecezja.org\/muzeum\/wp-content\/uploads\/2025\/12\/PLAKAT-SWIETA-2025-MUZEUM--768x543.png 768w, http:\/\/www.muzeum.diecezja.org\/muzeum\/wp-content\/uploads\/2025\/12\/PLAKAT-SWIETA-2025-MUZEUM--1536x1086.png 1536w\" sizes=\"(max-width: 2000px) 100vw, 2000px\" \/><\/div><\/a>\n\t\t\t\t<div class=\"elementor-post__text\">\n\t\t\t\t<h1 class=\"elementor-post__title\">\n\t\t\t<a href=\"http:\/\/www.muzeum.diecezja.org\/muzeum\/uprzejmnie-informujemy\/\" >\n\t\t\t\tUPRZEJMNIE INFORMUJEMY\t\t\t<\/a>\n\t\t<\/h1>\n\t\t\t\t<div class=\"elementor-post__excerpt\">\n\t\t\t\t\t<\/div>\n\t\t\n\t\t<a class=\"elementor-post__read-more\" href=\"http:\/\/www.muzeum.diecezja.org\/muzeum\/uprzejmnie-informujemy\/\" >\n\t\t\tCzytaj ca\u0142o\u015b\u0107 \u00bb\t\t<\/a>\n\n\t\t\t\t<\/div>\n\t\t\t\t<div class=\"elementor-post__meta-data\">\n\t\t\t\t\t<span class=\"elementor-post-date\">\n\t\t\t19 grudnia 2025\t\t<\/span>\n\t\t\t\t<\/div>\n\t\t\t\t\t<\/div>\n\t\t<\/article>\n\t\t\t\t<article class=\"elementor-post elementor-grid-item post-3114 post type-post status-publish format-standard has-post-thumbnail hentry category-aktualnosci category-informacje\">\n\t\t\t<div class=\"elementor-post__card\">\n\t\t\t\t<a class=\"elementor-post__thumbnail__link\" href=\"http:\/\/www.muzeum.diecezja.org\/muzeum\/w-dniach-13-12-i-14-12-2025-muzeum-jest-zamkniete\/\" ><div class=\"elementor-post__thumbnail\"><img loading=\"lazy\" width=\"1241\" height=\"1758\" src=\"http:\/\/www.muzeum.diecezja.org\/muzeum\/wp-content\/uploads\/2025\/12\/plakat-Boze-Narodzenie.jpg\" class=\"attachment-full size-full wp-image-3117\" alt=\"\" decoding=\"async\" srcset=\"http:\/\/www.muzeum.diecezja.org\/muzeum\/wp-content\/uploads\/2025\/12\/plakat-Boze-Narodzenie.jpg 1241w, http:\/\/www.muzeum.diecezja.org\/muzeum\/wp-content\/uploads\/2025\/12\/plakat-Boze-Narodzenie-212x300.jpg 212w, http:\/\/www.muzeum.diecezja.org\/muzeum\/wp-content\/uploads\/2025\/12\/plakat-Boze-Narodzenie-127x180.jpg 127w, http:\/\/www.muzeum.diecezja.org\/muzeum\/wp-content\/uploads\/2025\/12\/plakat-Boze-Narodzenie-768x1088.jpg 768w, http:\/\/www.muzeum.diecezja.org\/muzeum\/wp-content\/uploads\/2025\/12\/plakat-Boze-Narodzenie-1084x1536.jpg 1084w\" sizes=\"(max-width: 1241px) 100vw, 1241px\" \/><\/div><\/a>\n\t\t\t\t<div class=\"elementor-post__text\">\n\t\t\t\t<h1 class=\"elementor-post__title\">\n\t\t\t<a href=\"http:\/\/www.muzeum.diecezja.org\/muzeum\/w-dniach-13-12-i-14-12-2025-muzeum-jest-zamkniete\/\" >\n\t\t\t\tW dniach 13.12 i 14.12.2025 Muzeum jest zamkni\u0119te !\t\t\t<\/a>\n\t\t<\/h1>\n\t\t\t\t<div class=\"elementor-post__excerpt\">\n\t\t\t<p>Uprzejmie informujemy, \u017ce w dniach 13.12 i 14.12.2025 nie ma mo\u017cliwo\u015bci zwiedzania. Muzeum jest NIECZYNNE . Zapraszamy na Kiermasz Bo\u017conarodzeniowy oraz Kociewski St\u00f3\u0142 Bo\u017conarodzeniowy Do Bazyliki Katedralnej w Pelplinie .<\/p>\n\t\t<\/div>\n\t\t\n\t\t<a class=\"elementor-post__read-more\" href=\"http:\/\/www.muzeum.diecezja.org\/muzeum\/w-dniach-13-12-i-14-12-2025-muzeum-jest-zamkniete\/\" >\n\t\t\tCzytaj ca\u0142o\u015b\u0107 \u00bb\t\t<\/a>\n\n\t\t\t\t<\/div>\n\t\t\t\t<div class=\"elementor-post__meta-data\">\n\t\t\t\t\t<span class=\"elementor-post-date\">\n\t\t\t13 grudnia 2025\t\t<\/span>\n\t\t\t\t<\/div>\n\t\t\t\t\t<\/div>\n\t\t<\/article>\n\t\t\t\t<article class=\"elementor-post elementor-grid-item post-3111 post type-post status-publish format-standard has-post-thumbnail hentry category-aktualnosci category-informacje\">\n\t\t\t<div class=\"elementor-post__card\">\n\t\t\t\t<a class=\"elementor-post__thumbnail__link\" href=\"http:\/\/www.muzeum.diecezja.org\/muzeum\/zapraszamy\/\" ><div class=\"elementor-post__thumbnail\"><img loading=\"lazy\" width=\"1587\" height=\"2245\" src=\"http:\/\/www.muzeum.diecezja.org\/muzeum\/wp-content\/uploads\/2025\/11\/kopia-konferencja-22.11.2025-002.png\" class=\"attachment-full size-full wp-image-3112\" alt=\"\" decoding=\"async\" srcset=\"http:\/\/www.muzeum.diecezja.org\/muzeum\/wp-content\/uploads\/2025\/11\/kopia-konferencja-22.11.2025-002.png 1587w, http:\/\/www.muzeum.diecezja.org\/muzeum\/wp-content\/uploads\/2025\/11\/kopia-konferencja-22.11.2025-002-212x300.png 212w, http:\/\/www.muzeum.diecezja.org\/muzeum\/wp-content\/uploads\/2025\/11\/kopia-konferencja-22.11.2025-002-127x180.png 127w, http:\/\/www.muzeum.diecezja.org\/muzeum\/wp-content\/uploads\/2025\/11\/kopia-konferencja-22.11.2025-002-768x1086.png 768w, http:\/\/www.muzeum.diecezja.org\/muzeum\/wp-content\/uploads\/2025\/11\/kopia-konferencja-22.11.2025-002-1086x1536.png 1086w, http:\/\/www.muzeum.diecezja.org\/muzeum\/wp-content\/uploads\/2025\/11\/kopia-konferencja-22.11.2025-002-1448x2048.png 1448w\" sizes=\"(max-width: 1587px) 100vw, 1587px\" \/><\/div><\/a>\n\t\t\t\t<div class=\"elementor-post__text\">\n\t\t\t\t<h1 class=\"elementor-post__title\">\n\t\t\t<a href=\"http:\/\/www.muzeum.diecezja.org\/muzeum\/zapraszamy\/\" >\n\t\t\t\tZapraszamy !\t\t\t<\/a>\n\t\t<\/h1>\n\t\t\t\t<div class=\"elementor-post__excerpt\">\n\t\t\t\t\t<\/div>\n\t\t\n\t\t<a class=\"elementor-post__read-more\" href=\"http:\/\/www.muzeum.diecezja.org\/muzeum\/zapraszamy\/\" >\n\t\t\tCzytaj ca\u0142o\u015b\u0107 \u00bb\t\t<\/a>\n\n\t\t\t\t<\/div>\n\t\t\t\t<div class=\"elementor-post__meta-data\">\n\t\t\t\t\t<span class=\"elementor-post-date\">\n\t\t\t12 listopada 2025\t\t<\/span>\n\t\t\t\t<\/div>\n\t\t\t\t\t<\/div>\n\t\t<\/article>\n\t\t\t\t<article class=\"elementor-post elementor-grid-item post-3108 post type-post status-publish format-standard has-post-thumbnail hentry category-aktualnosci category-informacje\">\n\t\t\t<div class=\"elementor-post__card\">\n\t\t\t\t<a class=\"elementor-post__thumbnail__link\" href=\"http:\/\/www.muzeum.diecezja.org\/muzeum\/uprzejmie-informujemy-2\/\" ><div class=\"elementor-post__thumbnail\"><img loading=\"lazy\" width=\"1414\" height=\"2000\" src=\"http:\/\/www.muzeum.diecezja.org\/muzeum\/wp-content\/uploads\/2025\/11\/11-listopad.jpg\" class=\"attachment-full size-full wp-image-3109\" alt=\"\" decoding=\"async\" srcset=\"http:\/\/www.muzeum.diecezja.org\/muzeum\/wp-content\/uploads\/2025\/11\/11-listopad.jpg 1414w, http:\/\/www.muzeum.diecezja.org\/muzeum\/wp-content\/uploads\/2025\/11\/11-listopad-212x300.jpg 212w, http:\/\/www.muzeum.diecezja.org\/muzeum\/wp-content\/uploads\/2025\/11\/11-listopad-127x180.jpg 127w, http:\/\/www.muzeum.diecezja.org\/muzeum\/wp-content\/uploads\/2025\/11\/11-listopad-768x1086.jpg 768w, http:\/\/www.muzeum.diecezja.org\/muzeum\/wp-content\/uploads\/2025\/11\/11-listopad-1086x1536.jpg 1086w\" sizes=\"(max-width: 1414px) 100vw, 1414px\" \/><\/div><\/a>\n\t\t\t\t<div class=\"elementor-post__text\">\n\t\t\t\t<h1 class=\"elementor-post__title\">\n\t\t\t<a href=\"http:\/\/www.muzeum.diecezja.org\/muzeum\/uprzejmie-informujemy-2\/\" >\n\t\t\t\tUprzejmie informujemy !\t\t\t<\/a>\n\t\t<\/h1>\n\t\t\t\t<div class=\"elementor-post__excerpt\">\n\t\t\t\t\t<\/div>\n\t\t\n\t\t<a class=\"elementor-post__read-more\" href=\"http:\/\/www.muzeum.diecezja.org\/muzeum\/uprzejmie-informujemy-2\/\" >\n\t\t\tCzytaj ca\u0142o\u015b\u0107 \u00bb\t\t<\/a>\n\n\t\t\t\t<\/div>\n\t\t\t\t<div class=\"elementor-post__meta-data\">\n\t\t\t\t\t<span class=\"elementor-post-date\">\n\t\t\t7 listopada 2025\t\t<\/span>\n\t\t\t\t<\/div>\n\t\t\t\t\t<\/div>\n\t\t<\/article>\n\t\t\t\t<\/div>\n\n\n\t\t\t\t\t<span class=\"e-load-more-spinner\">\n\t\t\t\t<i aria-hidden=\"true\" class=\"fas fa-spinner\"><\/i>\t\t\t<\/span>\n\t\t\n\t\t\t\t<div class=\"e-load-more-anchor\" data-page=\"1\" data-max-page=\"18\" data-next-page=\"http:\/\/www.muzeum.diecezja.org\/muzeum\/wp-json\/wp\/v2\/pages\/1846\/page\/2\/\"><\/div>\n\t\t\t\t<div class=\"elementor-button-wrapper\">\n\t\t\t<a href=\"#\" class=\"elementor-button-link elementor-button\" role=\"button\">\n\t\t\t\t\t\t<span class=\"elementor-button-content-wrapper\">\n\t\t\t\t\t\t\t<span class=\"elementor-button-icon elementor-align-icon-left\">\n\t\t\t\t<i aria-hidden=\"true\" class=\"far fa-calendar\"><\/i>\t\t\t<\/span>\n\t\t\t\t\t\t<span class=\"elementor-button-text\">Wczytaj starsze wpisy<\/span>\n\t\t<\/span>\n\t\t\t\t\t<\/a>\n\t\t<\/div>\n\t\t\t\t<div class=\"e-load-more-message\"><\/div>\n\t\t\t\t<\/div>\n\t\t\t\t<\/div>\n\t\t\t\t<div class=\"elementor-element elementor-element-2f1ba03 elementor-widget elementor-widget-spacer\" data-id=\"2f1ba03\" data-element_type=\"widget\" data-widget_type=\"spacer.default\">\n\t\t\t\t<div class=\"elementor-widget-container\">\n\t\t\t\t\t<div class=\"elementor-spacer\">\n\t\t\t<div class=\"elementor-spacer-inner\"><\/div>\n\t\t<\/div>\n\t\t\t\t<\/div>\n\t\t\t\t<\/div>\n\t\t\t\t\t<\/div>\n\t\t<\/div>\n\t\t\t\t\t<\/div>\n\t\t<\/section>\n\t\t\t\t<section class=\"elementor-section elementor-top-section elementor-element elementor-element-8f61188 elementor-section-boxed elementor-section-height-default elementor-section-height-default\" data-id=\"8f61188\" data-element_type=\"section\">\n\t\t\t\t\t\t<div class=\"elementor-container elementor-column-gap-default\">\n\t\t\t\t\t<div class=\"elementor-column elementor-col-100 elementor-top-column elementor-element elementor-element-4a54488\" data-id=\"4a54488\" data-element_type=\"column\">\n\t\t\t<div class=\"elementor-widget-wrap elementor-element-populated\">\n\t\t\t\t\t\t<div class=\"elementor-element elementor-element-146f23a elementor-widget elementor-widget-image-carousel\" data-id=\"146f23a\" data-element_type=\"widget\" data-settings=\"{&quot;slides_to_show&quot;:&quot;6&quot;,&quot;navigation&quot;:&quot;none&quot;,&quot;autoplay&quot;:&quot;yes&quot;,&quot;pause_on_hover&quot;:&quot;yes&quot;,&quot;pause_on_interaction&quot;:&quot;yes&quot;,&quot;autoplay_speed&quot;:5000,&quot;infinite&quot;:&quot;yes&quot;,&quot;speed&quot;:500}\" data-widget_type=\"image-carousel.default\">\n\t\t\t\t<div class=\"elementor-widget-container\">\n\t\t\t<style>\/*! elementor - v3.23.0 - 05-08-2024 *\/\n.elementor-widget-image-carousel .swiper,.elementor-widget-image-carousel .swiper-container{position:static}.elementor-widget-image-carousel .swiper-container .swiper-slide figure,.elementor-widget-image-carousel .swiper .swiper-slide figure{line-height:inherit}.elementor-widget-image-carousel .swiper-slide{text-align:center}.elementor-image-carousel-wrapper:not(.swiper-container-initialized):not(.swiper-initialized) .swiper-slide{max-width:calc(100% \/ var(--e-image-carousel-slides-to-show, 3))}<\/style>\t\t<div class=\"elementor-image-carousel-wrapper swiper\" dir=\"ltr\">\n\t\t\t<div class=\"elementor-image-carousel swiper-wrapper\" aria-live=\"off\">\n\t\t\t\t\t\t\t\t<div class=\"swiper-slide\" role=\"group\" aria-roledescription=\"slide\" aria-label=\"1 z 13\"><figure class=\"swiper-slide-inner\"><img decoding=\"async\" class=\"swiper-slide-image\" src=\"http:\/\/www.muzeum.diecezja.org\/muzeum\/wp-content\/uploads\/2022\/06\/gosc.png\" alt=\"gosc\" \/><\/figure><\/div><div class=\"swiper-slide\" role=\"group\" aria-roledescription=\"slide\" aria-label=\"2 z 13\"><figure class=\"swiper-slide-inner\"><img decoding=\"async\" class=\"swiper-slide-image\" src=\"http:\/\/www.muzeum.diecezja.org\/muzeum\/wp-content\/uploads\/2022\/06\/kasyna.png\" alt=\"kasyna\" \/><\/figure><\/div><div class=\"swiper-slide\" role=\"group\" aria-roledescription=\"slide\" aria-label=\"3 z 13\"><figure class=\"swiper-slide-inner\"><img decoding=\"async\" class=\"swiper-slide-image\" src=\"http:\/\/www.muzeum.diecezja.org\/muzeum\/wp-content\/uploads\/2022\/06\/diecezja.png\" alt=\"diecezja\" \/><\/figure><\/div><div class=\"swiper-slide\" role=\"group\" aria-roledescription=\"slide\" aria-label=\"4 z 13\"><figure class=\"swiper-slide-inner\"><img decoding=\"async\" class=\"swiper-slide-image\" src=\"http:\/\/www.muzeum.diecezja.org\/muzeum\/wp-content\/uploads\/2022\/06\/mering.png\" alt=\"mering\" \/><\/figure><\/div><div class=\"swiper-slide\" role=\"group\" aria-roledescription=\"slide\" aria-label=\"5 z 13\"><figure class=\"swiper-slide-inner\"><img decoding=\"async\" class=\"swiper-slide-image\" src=\"http:\/\/www.muzeum.diecezja.org\/muzeum\/wp-content\/uploads\/2022\/06\/NIMOZ.png\" alt=\"NIMOZ\" \/><\/figure><\/div><div class=\"swiper-slide\" role=\"group\" aria-roledescription=\"slide\" aria-label=\"6 z 13\"><figure class=\"swiper-slide-inner\"><img decoding=\"async\" class=\"swiper-slide-image\" src=\"http:\/\/www.muzeum.diecezja.org\/muzeum\/wp-content\/uploads\/2022\/06\/MOK.png\" alt=\"MOK\" \/><\/figure><\/div><div class=\"swiper-slide\" role=\"group\" aria-roledescription=\"slide\" aria-label=\"7 z 13\"><figure class=\"swiper-slide-inner\"><img decoding=\"async\" class=\"swiper-slide-image\" src=\"http:\/\/www.muzeum.diecezja.org\/muzeum\/wp-content\/uploads\/2022\/06\/powiat.png\" alt=\"powiat\" \/><\/figure><\/div><div class=\"swiper-slide\" role=\"group\" aria-roledescription=\"slide\" aria-label=\"8 z 13\"><figure class=\"swiper-slide-inner\"><img decoding=\"async\" class=\"swiper-slide-image\" src=\"http:\/\/www.muzeum.diecezja.org\/muzeum\/wp-content\/uploads\/2022\/06\/pielgrzym.png\" alt=\"pielgrzym\" \/><\/figure><\/div><div class=\"swiper-slide\" role=\"group\" aria-roledescription=\"slide\" aria-label=\"9 z 13\"><figure class=\"swiper-slide-inner\"><img decoding=\"async\" class=\"swiper-slide-image\" src=\"http:\/\/www.muzeum.diecezja.org\/muzeum\/wp-content\/uploads\/2022\/06\/pomorskie.png\" alt=\"pomorskie\" \/><\/figure><\/div><div class=\"swiper-slide\" role=\"group\" aria-roledescription=\"slide\" aria-label=\"10 z 13\"><figure class=\"swiper-slide-inner\"><img decoding=\"async\" class=\"swiper-slide-image\" src=\"http:\/\/www.muzeum.diecezja.org\/muzeum\/wp-content\/uploads\/2022\/06\/pelplintv.png\" alt=\"pelplintv\" \/><\/figure><\/div><div class=\"swiper-slide\" role=\"group\" aria-roledescription=\"slide\" aria-label=\"11 z 13\"><figure class=\"swiper-slide-inner\"><img decoding=\"async\" class=\"swiper-slide-image\" src=\"http:\/\/www.muzeum.diecezja.org\/muzeum\/wp-content\/uploads\/2022\/06\/nowe-logo-szkoly.png\" alt=\"nowe-logo-szko\u0142y\" \/><\/figure><\/div><div class=\"swiper-slide\" role=\"group\" aria-roledescription=\"slide\" aria-label=\"12 z 13\"><figure class=\"swiper-slide-inner\"><img decoding=\"async\" class=\"swiper-slide-image\" src=\"http:\/\/www.muzeum.diecezja.org\/muzeum\/wp-content\/uploads\/2022\/06\/bernardinium_transp.png\" alt=\"bernardinium_transp\" \/><\/figure><\/div><div class=\"swiper-slide\" role=\"group\" aria-roledescription=\"slide\" aria-label=\"13 z 13\"><figure class=\"swiper-slide-inner\"><img decoding=\"async\" class=\"swiper-slide-image\" src=\"http:\/\/www.muzeum.diecezja.org\/muzeum\/wp-content\/uploads\/2022\/06\/zamek_logo.png\" alt=\"zamek_logo\" \/><\/figure><\/div>\t\t\t<\/div>\n\t\t\t\t\t\t\t\n\t\t\t\t\t\t\t\t\t<\/div>\n\t\t\t\t<\/div>\n\t\t\t\t<\/div>\n\t\t\t\t<div class=\"elementor-element elementor-element-104938b elementor-widget elementor-widget-spacer\" data-id=\"104938b\" data-element_type=\"widget\" data-widget_type=\"spacer.default\">\n\t\t\t\t<div class=\"elementor-widget-container\">\n\t\t\t\t\t<div class=\"elementor-spacer\">\n\t\t\t<div class=\"elementor-spacer-inner\"><\/div>\n\t\t<\/div>\n\t\t\t\t<\/div>\n\t\t\t\t<\/div>\n\t\t\t\t\t<\/div>\n\t\t<\/div>\n\t\t\t\t\t<\/div>\n\t\t<\/section>\n\t\t\t\t<\/div>\n\t\t","protected":false},"excerpt":{"rendered":"<p>Muzeum Diecezjalne w PelplinieInformacje dotycz\u0105ce zwiedzania:Kliknij tutajPortal Pelpli\u0144skiej Biblii GutenbergaWyj\u0105tkowe znalezisko z XV w. Odkryty w 1897 roku w Bibliotece Diecezjalnej w Pelplinie egzemplarz inkunabu\u0142u z warsztatu Gutenberga z po\u0142owy XV wieku w 2023 roku poddany zosta\u0142 wieloaspektowym badaniom, digitalizacji i pracom konserwatorskim.Przejd\u017a do PortaluPomorska Karta TurystyZ kart\u0105 w kieszeni i pakietem Metropolia i Metropolia &hellip; <a href=\"http:\/\/www.muzeum.diecezja.org\/muzeum\/uprzejmie-informujemy-2\/\" class=\"more-link\">Czytaj dalej <span class=\"screen-reader-text\">Uprzejmie informujemy !<\/span><\/a><\/p>\n","protected":false},"author":1,"featured_media":0,"parent":0,"menu_order":0,"comment_status":"closed","ping_status":"closed","template":"elementor_header_footer","meta":[],"_links":{"self":[{"href":"http:\/\/www.muzeum.diecezja.org\/muzeum\/wp-json\/wp\/v2\/pages\/1846"}],"collection":[{"href":"http:\/\/www.muzeum.diecezja.org\/muzeum\/wp-json\/wp\/v2\/pages"}],"about":[{"href":"http:\/\/www.muzeum.diecezja.org\/muzeum\/wp-json\/wp\/v2\/types\/page"}],"author":[{"embeddable":true,"href":"http:\/\/www.muzeum.diecezja.org\/muzeum\/wp-json\/wp\/v2\/users\/1"}],"replies":[{"embeddable":true,"href":"http:\/\/www.muzeum.diecezja.org\/muzeum\/wp-json\/wp\/v2\/comments?post=1846"}],"version-history":[{"count":286,"href":"http:\/\/www.muzeum.diecezja.org\/muzeum\/wp-json\/wp\/v2\/pages\/1846\/revisions"}],"predecessor-version":[{"id":2664,"href":"http:\/\/www.muzeum.diecezja.org\/muzeum\/wp-json\/wp\/v2\/pages\/1846\/revisions\/2664"}],"wp:attachment":[{"href":"http:\/\/www.muzeum.diecezja.org\/muzeum\/wp-json\/wp\/v2\/media?parent=1846"}],"curies":[{"name":"wp","href":"https:\/\/api.w.org\/{rel}","templated":true}]}}